{"id":80,"date":"2016-09-06T08:13:11","date_gmt":"2016-09-06T08:13:11","guid":{"rendered":"http:\/\/www.ora.si\/nova\/?page_id=80"},"modified":"2019-05-16T13:32:23","modified_gmt":"2019-05-16T13:32:23","slug":"priloznosti","status":"publish","type":"page","link":"https:\/\/www.ora.si\/index.php\/priloznosti\/","title":{"rendered":"Prilo\u017enosti"},"content":{"rendered":"<hr \/>\n<h3 style=\"text-align: center;\"><strong><span style=\"color: #ff0000;\">OCENJEVANJE OKOLIC GOSTINSKIH OBRATOV V OB\u010cINI SE\u017dANA<\/span><\/strong><\/h3>\n<p>V\u00a0okviru akcije Ob\u010dina Se\u017eana v cvetju, ki letos poteka \u017ee 13. leto zapored,\u00a0 bo na obmo\u010dju ob\u010dine Se\u017eana poleg ocenjevanja <strong>vasi, naselij in <\/strong><strong>okolic javnih ustanov <\/strong>potekalo tudi ocenjevanje <strong>okolic gostinskih obratov <\/strong>(gostilne, restavracije, gosti\u0161\u010da, okrep\u010devalnice, ipd.).<\/p>\n<p>Namen akcije je spodbujanje k urejanju povr\u0161in,\u00a0 ki so dostopne \u0161ir\u0161emu krogu ljudi, predvsem pa obiskovalcem na\u0161ega obmo\u010dja, ter tako prispevati k trajnostnemu razvoju.<\/p>\n<p><strong>Komisija za ocenjevanje urejenosti mesta Se\u017eana in naselij v ob\u010dini Se\u017eana bo v drugi polovici junija<\/strong> izvedla terensko ocenjevanje gostinskih obratov ter med vsemi izbrala tri najbolj\u0161e. Podelitev priznanj in nagrad bo potekala v okviru praznovanj ob 28. avgustu \u2013 prazniku Ob\u010dine Se\u017eana.<\/p>\n<p>Ve\u010d o akciji si lahko preberete na spletni strani Ob\u010dine Se\u017eana <a href=\"http:\/\/www.sezana.si\/\" target=\"_blank\" rel=\"noopener noreferrer\">www.sezana.si<\/a>, pod zavihkom aktualno.<\/p>\n<hr \/>\n<h2 style=\"text-align: center;\"><\/h2>\n<h5 style=\"text-align: center;\"><span style=\"color: #000000;\"><strong>Kmetijsko gozdarski zavod Nova Gorica\u00a0<\/strong><br \/>\nvas\u00a0vabi<br \/>\n<\/span><span style=\"color: #ff0000;\"><span style=\"color: #000000;\">na predstavitev 3. javnega razpisa\u00a0za podukrep 6.1<\/span> <\/span><\/h5>\n<h3 style=\"text-align: center;\"><span style=\"color: #ff0000;\"><strong>POMO\u010c ZA ZAGON DEJAVNOSTI ZA MLADE KMETE ZA LETO 2017<br \/>\n<\/strong><\/span><\/h3>\n<h5 style=\"text-align: center;\"><strong><br \/>\nLokacije in datumi predstavitev:\u00a0<\/strong><\/h5>\n<table class=\" aligncenter\" width=\"595\">\n<tbody>\n<tr>\n<td style=\"width: 228px;\"><strong> LOKACIJA<\/strong><\/td>\n<td style=\"width: 126px;\"><strong>DATUM<\/strong><\/td>\n<td style=\"width: 74px;\"><strong>URA<\/strong><\/td>\n<td style=\"width: 140px;\"><strong>IZVAJALEC <\/strong><\/td>\n<\/tr>\n<tr>\n<td style=\"width: 228px;\"><span style=\"text-decoration: underline;\"><strong>KOPER<\/strong><\/span><\/p>\n<p><strong>Kmetijska zadruga Agraria<br \/>\n<\/strong>Ulica 15. maja 7, Koper<\/p>\n<\/td>\n<td style=\"width: 126px;\">Sreda, 17. 5. 2017<\/td>\n<td style=\"width: 74px;\">16.00<\/td>\n<td style=\"width: 140px;\">\n<p>Darja Zadnik<\/p>\n<p>Michaela Vidi\u010d<\/p>\n<\/td>\n<\/tr>\n<tr>\n<td style=\"width: 228px;\"><span style=\"text-decoration: underline;\"><strong>PIVKA<\/strong><\/span><\/p>\n<p><strong>Krpanov dom<br \/>\n<\/strong>Pre\u010dna ulica 1, Pivka<\/p>\n<\/td>\n<td style=\"width: 126px;\">Petek, 19. 5. 2017<\/td>\n<td style=\"width: 74px;\">16.00<\/td>\n<td style=\"width: 140px;\">\n<p>Darja Zadnik<\/p>\n<p>Michaela Vidi\u010d<\/p>\n<\/td>\n<\/tr>\n<tr>\n<td style=\"width: 228px;\"><span style=\"text-decoration: underline;\"><strong>TOLMIN<\/strong><\/span><\/p>\n<p><strong>Sejna soba KZ Tolmin<br \/>\n<\/strong>Rutarjeva 35, Tolmin<\/p>\n<\/td>\n<td style=\"width: 126px;\">Sreda, 24. 5. 2017<\/td>\n<td style=\"width: 74px;\">10.00<\/td>\n<td style=\"width: 140px;\">\n<p>Darja Zadnik<\/p>\n<p>Michaela Vidi\u010d<\/p>\n<\/td>\n<\/tr>\n<tr>\n<td style=\"width: 228px;\"><span style=\"text-decoration: underline;\"><strong>BILJE<\/strong><\/span><\/p>\n<p><strong>KGZ Nova Gorica, Sadjarski center<br \/>\n<\/strong>Bilje 1, Ren\u010de<\/p>\n<\/td>\n<td style=\"width: 126px;\">Sreda, 24. 5. 2017<\/td>\n<td style=\"width: 74px;\">16.00<\/td>\n<td style=\"width: 140px;\">\n<p>Darja Zadnik<\/p>\n<p>Michaela Vidi\u010d<\/p>\n<\/td>\n<\/tr>\n<\/tbody>\n<\/table>\n<p style=\"text-align: center;\"><strong><img loading=\"lazy\" decoding=\"async\" class=\"alignnone size-full wp-image-139\" src=\"https:\/\/www.laskrasainbrkinov.si\/wp-content\/uploads\/2016\/08\/pdf.gif\" alt=\"\" width=\"16\" height=\"16\" \/> <a href=\"https:\/\/www.ora.si\/wp-content\/uploads\/2016\/09\/Vabilo-predstavitev-3-JR_6_1-maj-2017.pdf\" target=\"_blank\" rel=\"noopener noreferrer\">Vabilo Predstavitev 3. JR 6.1 (maj 2017)<\/a><\/strong><\/p>\n<hr \/>\n<h3 style=\"text-align: center;\"><span style=\"color: #ff0000;\"><strong>START-UP DAN V SE\u017dANI<\/strong><\/span><\/h3>\n<p><strong>Podjetni\u0161ki Inkubator Se\u017eana in Mladinski center Podlaga v partnerstvu organizirata start-up dan v Se\u017eani!\u00a0\u00bb\u0160tart up sobota\u00ab se bo odvijal 22. 4. 2017, med 9. in 19. uro v prostorih se\u017eanskega Inkubatorja.<\/strong><\/p>\n<p>Predstavitvi Podjetni\u0161kega Inkubatorja, mo\u017enosti co-workinga, najema prostora, spoznavanju udele\u017eencev in oblikovanju podjetni\u0161kih ekip, bo sledilo motivacijsko predavanje in delavnice. Po kosilu bodo udele\u017eenci preverili svoje ideje tudi na terenu in kasneje o tem poro\u010dali. Sledil bo obisk uspe\u0161nega lokalnega podjetnika ter na koncu predstavitev in ocena podjetni\u0161kih idej.<\/p>\n<p>Dobrodo\u0161li na delavnicah vsi, ki \u017ee imate poslovno idejo in tudi tisti, ki bi radi bolje pokukali v svet podjetni\u0161tva in preverili va\u0161o kreativnost! Udele\u017eba je <strong>brezpla\u010dna<\/strong>. Veseli bomo, \u010de boste informacijo delili med svoje prijatelje in znance, ki bi jih aktivnost zanimala.<\/p>\n<p><strong>PODROBNEJ\u0160E INFORMACIJE IN PRIJAVE:<\/strong><br \/>\n<strong><br \/>\n\u2022\u00a0INKUBATOR SE\u017dANA<\/strong> telefon: 05 73 13 500, spletna stran: <a href=\"http:\/\/inkubator.si\/\" target=\"_blank\" rel=\"noopener noreferrer\">www.inkubator.si<\/a>, e-po\u0161ta: <a href=\"mailto:info@inkubator.si\">info@inkubator.si<\/a>, osebno: Kra\u0161ka ulica 2, 6210 Se\u017eana, II. nadstropje.<\/p>\n<p><strong>\u2022\u00a0MC PODLAGA<\/strong> telefon: 051 204 765 e-po\u0161ta: <a href=\"mailto:info@mcpodlaga.com\">info@mcpodlaga.com<\/a> spletna stran:\u00a0<a href=\"http:\/\/www.mcpodlaga.com\" target=\"_blank\" rel=\"noopener noreferrer\">www.mcpodlaga.com<\/a>,<br \/>\nFB: <a href=\"https:\/\/www.facebook.com\/events\/405377463152647\/\" target=\"_blank\" rel=\"noopener noreferrer\">https:\/\/www.facebook.com\/events\/405377463152647\/<\/a>, osebno: Kosovelova 4b, 6210 Se\u017eana (pisan oval nasproti vhoda v Kosovelov dom)<\/p>\n<hr \/>\n<h3 style=\"text-align: center;\"><span style=\"color: #ff0000;\"><strong>ODPRTE PRIJAVE ZA MLADE ISKALCE ZAPOSLITVE IZ GORI\u0160KE IN OBALNO-KRA\u0160KE REGIJE<\/strong><\/span><\/h3>\n<p>Pridru\u017ei se, izbolj\u0161aj svoje kompetence in se zaposli v lokalnem okolju!<\/p>\n<p>Si mlad\/-a od 15 do 29 let? I\u0161\u010de\u0161 zaposlitev? Zaklju\u010duje\u0161 \u0161olanje? Bi se rad\/-a zaposlil\/-a v svojem lokalnem okolju? Pridru\u017ei se nam! Pomagali ti bomo do ustrezne zaposlitve.<\/p>\n<p>Mladi, ki vstopajo na trg dela, se pogosto sre\u010dujejo z ovirami pri iskanju (prve) zaposlitve. Ovire se najve\u010dkrat ka\u017eejo v pomanjkanju delovnih izku\u0161enj in prakti\u010dnih znanj. S projektom &#8216;Lokalno partnerstvo za pove\u010danje zaposlovanja mladih na lokalnem trgu dela&#8217; mladim pomagamo premagovati omenjene ovire. Novost modela je <strong>trofazno ciljno usmerjeno usposabljanje, ki mlade iskalce zaposlitve povezuje s potencialnimi delodajalci v regiji.<\/strong><\/p>\n<p>Usposabljanja bodo vodili strokovni delavci izbranih podro\u010dji ter mladim predali teoreti\u010dna in prakti\u010dna znanja, ki jih delodajalci navajajo, kot potrebna za zaposlitev v njihovem podjetju. Osvojena znanja in ve\u0161\u010dine bodo nato preizkusili v praksi \u2013 pri potencialnih delodajalcih, kjer bodo pod vodstvom mentorja spoznavali delovno mesto z mo\u017enostjo zaposlitve.<\/p>\n<p><span style=\"text-decoration: underline;\">Brezpla\u010dna usposabljanja bodo potekala v treh sklopih:<\/span><\/p>\n<p><strong>1. Uvodna usposabljanja<\/strong> (Predavanja in delavnice na katerih bodo udele\u017eenci pridobivali za\u010detna znanja, potrebna za vklju\u010devanje v naslednji dve fazi usposabljanja, ki sta prakti\u010dno naravnani);<\/p>\n<p><strong>2. Prakti\u010dno delo pri mladinskih in drugih organizacijah<\/strong> (udele\u017eenci bodo pridobljena znanja iz prve faze uporabili v praksi. V mladinskih in drugih organizacijah bodo z aktivnim sodelovanjem pri izvedbi konkretnih projektov krepili kompetence kot je timsko delo, samoiniciativnost, prilagodljivost, odgovornost &#8211; kompetence, ki so dobrodo\u0161le na vsakem delovnem mestu);<\/p>\n<p><strong>3. Usposabljanje na delovnem mestu pri izbranem lokalnem delodajalcu <\/strong>(Udele\u017eenci bodo vklju\u010deni v prakti\u010dno usposabljanje pri izbranem lokalnem delodajalcu, kjer bodo pridobili znanja in izku\u0161nje za potencialno zaposlitev. Usposabljanje bo potekalo pod mentorstvom strokovnjaka iz podjetja).<\/p>\n<p><strong>PRIJAVI\u0160 SE LAHKO, \u010cE USTREZA\u0160 POGOJEM:<br \/>\n<\/strong>&#8211; starost od 15 do vklju\u010dno 29 let<br \/>\n&#8211; aktivni iskalec\/aktivna iskalka zaposlitve<br \/>\n&#8211; stalno prebivali\u0161\u010de v Gori\u0161ki regiji ali v Obalno-kra\u0161ki regiji<\/p>\n<p>NE ZAMUDI TE PRILO\u017dNOSTI IN SE PRIDRU\u017dI. POHITI, \u0160TEVILO MEST JE OMEJENO. SVOJO PRIJAVO ODDA\u0160 PREKO SPLETNEGA OBRAZCA*: KLIKNI TUKAJ<\/p>\n<p>* Po prejemu prijave te bomo kontaktirali glede nadaljnjih informacij vklju\u010ditve.<\/p>\n<p>Za\u010detek uvodnih usposabljanj bo predvidoma v mesecu aprilu 2017 oz. glede na razpolo\u017eljivost mentorjev, delodajalcev in ostalih strokovnjakov. Sodelovanje so \u017ee potrdila lokalna podjetja in mladinske ter druge organizacije iz ob\u010dine Ajdov\u0161\u010dina in Se\u017eana!<\/p>\n<hr \/>\n<h3 style=\"text-align: center;\"><span style=\"color: #ff0000;\"><strong>MEDNARODNI IZOBRA\u017dEVALNI PROGRAM ZA IZVOZNO POSLOVANJE<\/strong><\/span><\/h3>\n<p><strong>Javna agencija SPIRIT Slovenija<\/strong> letos \u017ee deseti\u010d pripravlja izobra\u017eevalni program za izvozno poslovanje &#8211; International Trade Management (ITM). Program ITM je namenjen mlaj\u0161im zaposlenim v izvoznih oddelkih malih in srednje velikih podjetij, ki so \u017eeljni osebnega in strokovnega razvoja na podro\u010dju mednarodnega poslovanja ter \u017eelijo aktivno pripomo\u010di k uspe\u0161ni \u0161iritvi poslovanja podjetja na nove tuje trge.<\/p>\n<p>Izobra\u017eevanje poteka v angle\u0161kem jeziku in je odli\u010dna kombinacija akademskega in prakti\u010dnega izobra\u017eevanja. Njegova glavna prednost je v izjemno prakti\u010dni in individualni naravnanosti programa, ki podjetja usmeri k razmisleku in temeljitemu na\u010drtovanju izvoznih aktivnosti, udele\u017eence pa usposobi za u\u010dinkovite izvozne managerje. Program je izpeljan v obliki \u0161tirih delavnic <strong>za pripravo izvoznega na\u010drta<\/strong> ter petih mednarodnih seminarjev z odli\u010dnimi, svetovno priznanimi tujimi strokovnjaki. Poteka od marca do novembra, v skupnem obsegu 17 dni.<\/p>\n<p>Udele\u017eenci programa ITM med drugim pridobijo:<\/p>\n<ul>\n<li>nova znanja in ve\u0161\u010dine s podro\u010dja mednarodnega poslovanja,<\/li>\n<li>individualno svetovanje mednarodnih strokovnjakov pri pripravi izvoznega na\u010drta in predstavitve podjetja,<\/li>\n<li>informacije o novostih in trendih pri na\u010drtovanju in oblikovanju izvoznih aktivnosti,<\/li>\n<li>mednarodna poznanstva in<\/li>\n<li>diplomo, priznano s strani Mednarodne organizacije IATTO.<\/li>\n<\/ul>\n<p>Do danes se je mednarodnega izobra\u017eevalnega programa ITM udele\u017eilo \u017ee 115 slovenskih mikro, malih in srednjih podjetij, ki so v anketah po udele\u017ebi izkazala 100% zadovoljstvo. Prve \u0161tiri generacije udele\u017eenih podjetij so svoj izvoz v treh do petih letih po udele\u017ebi v programu ITM v povpre\u010dju pove\u010dale za 40%.<\/p>\n<p><strong>Ve\u010dino stro\u0161kov programa <\/strong>(cca. 7.000 EUR\/udele\u017eenca) <strong>krije SPIRIT Slovenija.<\/strong><\/p>\n<p>Stro\u0161ki podjetja pa zna\u0161ajo:<\/p>\n<p>&#8211; depozit za resnost udele\u017ebe v vi\u0161ini 960 EUR (depozit ob uspe\u0161no zaklju\u010denem programu vrnemo podjetju),<br \/>\n&#8211; stro\u0161ki letalske vozovnice in 5 dnevne nastanitve na 5 dnevnem sklopu mednarodnih seminarjev na \u0161vedskem.<\/p>\n<p><strong>Ro<\/strong><strong>k za oddajo prijav je ponedeljek, 6. marec 2017. <\/strong><\/p>\n<p>Ve\u010d informacij o samem izobra\u017eevalnem programu, predvideni \u010dasovnici, pogojih za udele\u017ebo ter na\u010dinu prijave je na voljo na portalu Izvozno Okno:<br \/>\n<strong><br \/>\n<\/strong><a href=\"http:\/\/www.izvoznookno.si\/Aktualno\/Vabilo_k_udelezbi_v_izobrazevalnem_ programu_Vodenje_izvoznega_poslovanja_International_Trade_ Management_ITM_2017_21754.aspx\" target=\"_blank\" rel=\"noopener noreferrer\" data-wplink-url-error=\"true\">http:\/\/www.izvoznookno.si\/Aktualno\/Vabilo_k_udelezbi_v_izobrazevalnem_ programu_Vodenje_izvoznega_poslovanja_International_Trade_ Management_ITM_2017_21754.aspx<\/a><\/p>\n<hr \/>\n<h3 style=\"text-align: center;\"><strong><span style=\"color: #ff0000;\">MKGP je objavilo \u00a0\u0161tiri razpise iz Programa razvoja pode\u017eelja 2014-2020:<\/span><\/strong><\/h3>\n<ul>\n<li><strong>7. JAVNI RAZPIS ZA PODUKREP 4.1<\/strong><br \/>\nPodpora za nalo\u017ebe v kmetijska gospodarstev, namenjen izvajanju ekolo\u0161ke pridelave hrane<\/p>\n<\/li>\n<li><strong>6. JAVNI RAZPIS ZA PODUKREP 4.1<\/strong><br \/>\nPodpora za nalo\u017ebe v kmetijska gospodarstva za leto 2016, namenjen prilagoditvi zahtevam kmetovanja na gorskih obmo\u010dji<\/p>\n<\/li>\n<li><strong>1. JAVNI RAZPIS ZA PODUKREP UKREP 3.1<\/strong><br \/>\nPodpora za novo sodelovanje v shemah kakovosti v letu 2016<\/p>\n<\/li>\n<li><strong>5. JAVNI RAZPIS ZA PODUKREP 4.1<\/strong><br \/>\nPodpora za nalo\u017ebe v kmetijska gospodarstva za leto 2016 na VVO<\/li>\n<\/ul>\n<p>V okviru INFO to\u010dk bo KGZS\u00a0 v prihodnjih dneh izvajal predstavitve navedenih razpisov na ve\u010d lokacijah.<\/p>\n<p style=\"text-align: center;\" data-tadv-p=\"keep\"><strong><img loading=\"lazy\" decoding=\"async\" class=\"alignnone wp-image-207 size-full\" src=\"https:\/\/www.laskrasainbrkinov.si\/wp-content\/uploads\/2016\/08\/word_logo.png\" alt=\"\" width=\"16\" height=\"16\" \/> <a href=\"http:\/\/www.ora.si\/wp-content\/uploads\/2016\/09\/Napovednik-predstavitev-KGZ-NG_8_6_4_1_3_1_nov_dec2016.docx\" target=\"_blank\" rel=\"noopener noreferrer\">Napovednik &#8211; Predstavitev KGZ-NG (nov-dec 2016)<\/a><\/strong><\/p>\n<hr \/>\n<h3 style=\"text-align: center;\"><strong><span style=\"color: #ff0000;\">Kmetijsko gozdarski zavod Nova Gorica v sodelovanju z Zavodom za gozdove Slovenije\u00a0vas\u00a0vabi na predstavitvi javnega razpisa\u00a0<\/span><\/strong><\/h3>\n<p style=\"text-align: center;\"><strong>podukrepa 8.6 za operacijo nalo\u017ebe v predindustrijsko predelavo lesa iz PRP 2014-2020\u00a0 za leto 2016<\/strong><\/p>\n<\/p>\n<ul>\n<li>\n<p><strong>28. 11. 2016 ob 11. uri v Pivki<\/strong>, Krpanov dom, Pre\u010dna ulica 1, 6257 Pivka, predavatelji: Darja Zadnik, Michaela Vidi\u010d, Andrej Zadnik, ZGS<\/p>\n<\/li>\n<li>\n<p><strong>30. 11. 2016 ob 10. uri v Tolminu<\/strong>, Sejna soba KZ Tolmin, Rutarjeva 35, 5220 Tolmin, Predavatelji: Darja Zadnik, Michaela Vidi\u010d, Vlado Ko\u0161i\u010d, ZGS (Opomba: Prijava do zasedbe mest na tel. \u0161t.: 05\/38 84 282)<\/p>\n<\/li>\n<\/ul>\n<p style=\"text-align: center;\"><strong><img loading=\"lazy\" decoding=\"async\" class=\"alignnone size-full wp-image-139\" src=\"https:\/\/www.laskrasainbrkinov.si\/wp-content\/uploads\/2016\/08\/pdf.gif\" alt=\"\" width=\"16\" height=\"16\" \/> <a href=\"http:\/\/www.ora.si\/wp-content\/uploads\/2016\/09\/Vabilo-predstavitve-JR-8-6-nov2016.pdf\" target=\"_blank\" rel=\"noopener noreferrer\">Vabilo predstavitve &#8211; JR 8.6 (nov 2016)<\/a><\/strong><\/p>\n<hr \/>\n<h3 style=\"text-align: center;\"><strong><span style=\"color: #ff0000;\">Prilo\u017enosti energetskega pogodbeni\u0161tva za slovensko gospodarstvo, lokalne skupnosti in industrijo<\/span><\/strong><\/h3>\n<p style=\"text-align: center;\"><strong>Kristalna pala\u010da BTC, Ljubljana, 12. oktober 2016<\/strong><\/p>\n<p style=\"text-align: center;\"><strong><img loading=\"lazy\" decoding=\"async\" class=\"alignnone size-full wp-image-139\" src=\"https:\/\/www.laskrasainbrkinov.si\/wp-content\/uploads\/2016\/08\/pdf.gif\" alt=\"\" width=\"16\" height=\"16\" \/> <a href=\"http:\/\/www.ora.si\/wp-content\/uploads\/2016\/09\/Enmanagement_in_Enobcina_vabilo.pdf\" target=\"_blank\" rel=\"noopener noreferrer\">Vabilo En.management &amp; En.ob\u010dina<\/a><\/strong><\/p>\n<hr \/>\n<h3 style=\"text-align: center;\"><span style=\"color: #ff0000;\"><strong>Ljudska univerza\u00a0Se\u017eana<\/strong><\/span><br \/>\n<span style=\"color: #ff0000;\"><strong>v jeseni ponuja BREZPLA\u010cNE te\u010daje,<\/strong><\/span><br \/>\n<span style=\"color: #ff0000;\"><strong>namenjene zaposlenim, starej\u0161im od 45 let.<\/strong><\/span><\/h3>\n<p><span style=\"color: #000000;\"><br \/>\nBrezpla\u010dni te\u010daji so naslednji:<\/span><\/p>\n<p><strong><span style=\"color: #ff0000;\">RA\u010cUNALNI\u0160KI TE\u010cAJI<\/span><\/strong><\/p>\n<p><strong>\u2022 Ra\u010dunalni\u0161ka pismenost za odrasle:<\/strong> 60-urni, vse o uporabi ra\u010dunalnika za za\u010detnike<br \/>\n<strong>\u2022 U\u010dinkoviti z uporabo preglednic:<\/strong> 50-urni, Excel za za\u010detnike in bolj zahtevne uporabnike<br \/>\n<strong>\u2022 Do prepoznavnosti podjetja s pomo\u010djo IKT:<\/strong> 50-urni, uporaba ra\u010dunalnika za uspe\u0161no tr\u017eenje in predstavitve<br \/>\n<strong>\u2022 E-tr\u017eenje in tr\u017eno komuniciranje:<\/strong> 50-urni, z uporabo ra\u010dunalnika do bolj\u0161e prodaje<br \/>\n<strong>\u2022 Uspe\u0161na predstavitev:<\/strong> 50-urni, te\u010daj PowerPointa s treningom uspe\u0161nega nastopanja<br \/>\n<strong>\u2022 Fotografiranje in obdelava fotografij:<\/strong> 50-urni, osnova fotografiranja in obdelava fotografij<\/p>\n<p><span style=\"color: #ff0000;\"><strong>TE\u010cAJI ZA STROKOVNO RAST IN OSEBNOSTNI RAZVOJ<\/strong><\/span><\/p>\n<p><strong>\u2022 Podjetnikom pomaga znanje knjigovodstva:<\/strong> 50-urni, za\u010detni te\u010daj dvostavnega knjigovodstva<br \/>\n<strong>\u2022 Te\u010daji tujih jezikov:<\/strong> 50-urni, te\u010daji italijan\u0161\u010dine, nem\u0161\u010dine, angle\u0161\u010dine, ru\u0161\u010dine, \u0161pan\u0161\u010dine..<br \/>\n<strong style=\"font-size: inherit;\">\u2022\u00a0<\/strong><span style=\"font-size: inherit;\"><strong>Te\u010daj sloven\u0161\u010dine za tujce: <\/strong>50-urni<br \/>\n<\/span><strong>\u2022 Zeli\u0161\u010darski te\u010daj:<\/strong> 50-urni, zeli\u0161\u010da v prehrani za zdravje in lepoto<br \/>\n<strong>\u2022 Priprave na izpit iz znanja sloven\u0161\u010dine in tujih jezikov na osnovni ravni:<\/strong> 20-urni<br \/>\n<strong>\u2022 Priprave na pridobitev certifikatov nacionalne poklicne kvalifikacij: <\/strong>20-urni, vili\u010darist, knjigovodja, pomo\u010dnik kuharja<\/p>\n<p>V kolikor bo prostor v skupinah, se bodo vanje lahko vklju\u010dili tudi drugi zaposleni.<\/p>\n<p>Te\u010daji so sofinancirani v okviru javnega razpisa za pridobivanje temeljnih in poklicnih kompetenc od 2016 do 2019 na katerem je Ljudska univerza Se\u017eana skupaj z nosilcem projekta Ljudsko univerzo Koper in partnerji pridobila sredstva.<\/p>\n<p style=\"text-align: center;\" data-tadv-p=\"keep\"><strong>Ve\u010d na: <a href=\"http:\/\/lu-sezana.si\/razvoj-kompetenc-2016-2019\/\" target=\"_blank\" rel=\"noopener noreferrer\">http:\/\/lu-sezana.si\/razvoj-kompetenc-2016-2019\/<\/a><\/strong><\/p>\n<hr \/>\n<h3 style=\"text-align: center;\"><strong><span style=\"color: #ff0000;\">JAVNI RAZPIS ZA SOFINANCIRANJE OBRESTI V OB\u010cINI KOMEN V LETU 2016<\/span><\/strong><\/h3>\n<p>Ob\u010dina Komen je v Uradnem listu RS, \u0161t. 58\/2016 objavila Javni razpis za subvencioniranje obresti v Ob\u010dini Komen v letu 2016.<\/p>\n<p style=\"text-align: center;\" data-tadv-p=\"keep\"><strong>Ve\u010d o razpisu: <a href=\"http:\/\/www.ora.si\/wp-content\/uploads\/2016\/09\/JAVNI-RAZPIS-OBRESTI-2016.pdf\" target=\"_blank\" rel=\"noopener noreferrer\">JAVNI RAZPIS OBRESTI 2016<\/a><\/strong><\/p>\n<p style=\"text-align: center;\" data-tadv-p=\"keep\"><strong><img loading=\"lazy\" decoding=\"async\" class=\"alignnone wp-image-207 size-full\" src=\"https:\/\/www.laskrasainbrkinov.si\/wp-content\/uploads\/2016\/08\/word_logo.png\" alt=\"\" width=\"16\" height=\"16\" \/> <a href=\"http:\/\/www.ora.si\/wp-content\/uploads\/2016\/09\/obrazec.doc\" target=\"_blank\" rel=\"noopener noreferrer\">Obrazec: Prijava na JR za subvencioniranje obresti<\/a><\/strong><\/p>\n<hr \/>\n<h3 style=\"text-align: center;\"><strong><span style=\"color: #ff0000;\">\u00bbPOZIV ZA PREDLO\u017dITEV PODJETNI\u0160KIH IDEJ V OB\u010cINI KOMEN\u00ab<\/span><\/strong><\/h3>\n<p style=\"text-align: center;\">za \u0161tudente, podjetni\u0161ke talente in druge ob\u010dane Komna<\/p>\n<h5 style=\"text-align: center;\"><strong>KDAJ? Od 01. 06. 2016 \u2013 31. 08. 2016 <\/strong><\/h5>\n<p><strong><br \/>\nOb\u010dina Komen <\/strong>v sodelovanju z<strong> UIP Univerzitetnim razvojnim centrom in inkubatorjem Primorske<\/strong> v okviru letnega programa spodbujanja inovativnosti in podjetni\u0161tva v ob\u010dini organizira <strong>\u00bbPoziv za predlo\u017eitev podjetni\u0161ki idej v ob\u010dini Komen v letu 2016\u00ab<\/strong> za \u0161tudente, podjetni\u0161ke talente in druge ob\u010dane Komna. Namen je, da se aktivni ob\u010dani vklju\u010dijo v re\u0161evanje ob\u010dinskih izzivov, ki so jih strokovne slu\u017ebe ob\u010dine identificirale kot klju\u010dne izzive za prihodnji razvoj ob\u010dine. Na dogodku pa bo dana mo\u017enost tudi tistim, ki imajo lastno podjetni\u0161ko idejo in \u017eeljo po njeni uresni\u010ditvi.<\/p>\n<p>V okviru poziva \u017eelimo pritegniti \u010dim ve\u010d mladih in ostalih podjetni\u0161kih skupin, ki bodo sodelovale z lastno inovativno idejo, ter s tem prispevale k kvalitetnej\u0161emu okolju na\u0161e ob\u010dine. Vodstvo ob\u010dine Komen se je odlo\u010dilo, da bo v letu 2016 objavilo naslednje tematike, kjer se lahko podjetni\u0161ke skupine tudi prijavijo in sicer:<\/p>\n<ul>\n<li>TURIZEM IN KULTURNA DEDI\u0160\u010cINA<\/li>\n<li>JAMSKA NARAVNA DEDI\u0160\u010cINA<\/li>\n<li>RAZVOJ TRADICIONALNEGA KMETIJSTVA<\/li>\n<li>INOVATIVNO KAMNOSE\u0160TVO IN OBRTNI\u0160TVO<\/li>\n<li>\u0160PORTNI IN REKREATIVNI TURIZEM<\/li>\n<\/ul>\n<p><strong>Poziv je odprt od 1. 6. 2016 do 31. 8. 2016.<\/strong> Va\u0161e izkaz interesa za sodelovanje izka\u017eete z izpolnjeno prijavnico, ki je dosegljiva na spletnem mestu <a href=\"http:\/\/www.komen.si\/\" target=\"_blank\" rel=\"noopener noreferrer\">http:\/\/www.komen.si<\/a>. Izpolnjene Prijavnice nam lahko po\u0161ljete na e-naslov: <a href=\"mailto:ana.svagelj@komen.si\">ana.svagelj@komen.si<\/a> (Ana \u0160vagelj) ali pa osebno dostavite na na\u0161 sede\u017e Ob\u010dine Komen (sprejemna pisarna), Komen 86, 6223 Komen, najkasneje do srede 31. 8. 2016 do 24.00h.<\/p>\n<p><strong>Dodatne informacije<\/strong> pa so na voljo na e-naslovu <a href=\"mailto:ana.svagelj@komen.si\">ana.svagelj@komen.si<\/a> (Ana \u0160vagelj) ali <a href=\"mailto:info@uip.si\">info@uip.si<\/a> ali na tel. 05 \/ 611 79 50.<\/p>\n<p>Prijavitelji oziroma podjetni\u0161ke skupine bodo v obdobju od 1. 10. 2016 naprej pridobili mo\u017enost brezpla\u010dne udele\u017ebe na podjetni\u0161kih delavnicah in mentorskem programu, ki ga bo zagotovila ob\u010dina Komen v sodelovanju z UIP Univerzitetnim inkubatorjem Primorske. Ob\u010dina Komen bo za najbolj inovativne re\u0161itve in izdelane poslovne modele podelila posebne nagrade.<\/p>\n<p style=\"text-align: center;\" data-tadv-p=\"keep\"><strong><img loading=\"lazy\" decoding=\"async\" class=\"alignnone wp-image-207 size-full\" src=\"https:\/\/www.laskrasainbrkinov.si\/wp-content\/uploads\/2016\/08\/word_logo.png\" alt=\"\" width=\"16\" height=\"16\" \/> <a href=\"https:\/\/www.ora.si\/wp-content\/uploads\/2016\/09\/PRIJAVNI-OBRAZEC-Komen-predlog-01-2016-1-podaljsanje.docx\" target=\"_blank\" rel=\"noopener noreferrer\">PRIJAVNI OBRAZEC Komen &#8211; Predlog 01 2016-1 &#8211; Podalj\u0161anje<\/a><br \/>\n<\/strong><strong><br \/>\n<img loading=\"lazy\" decoding=\"async\" class=\"alignnone size-full wp-image-139\" src=\"https:\/\/www.laskrasainbrkinov.si\/wp-content\/uploads\/2016\/08\/pdf.gif\" alt=\"\" width=\"16\" height=\"16\" \/> <a href=\"http:\/\/www.ora.si\/wp-content\/uploads\/2016\/09\/UIP-Komen-13-05-2016.pdf\" target=\"_blank\" rel=\"noopener noreferrer\">UIP Komen 13. 05. 2016<\/a><\/strong><\/p>\n<hr \/>\n<p><strong>MKGP je v juniju objavilo kar nekaj investicijskih razpisov za kmetijstvo (za tehnolo\u0161ke izbolj\u0161ave na podro\u010dju higiene, varovanja okolja in varnosti pri delu, za vzpostavitev kmetije za mlade kmete\u2026).<\/strong><br \/>\nRazpisi so zanimivi tudi za primorske kmete, zato Kmetijsko gozdarski zavod Nova Gorica pripravlja v naslednjem tednu predstavitve teh razpisov na \u0161tirih lokacijah, in sicer:<\/p>\n<table width=\"678\">\n<tbody>\n<tr>\n<td style=\"width: 294px;\"><strong>Predstavitev aktualnih javnih razpisov<br \/>\nukrepa 4.1 in 6.1 PRP RS 2014-2020<\/strong><\/p>\n<p>Prijave na tel.: 05\/3351212 ali<br \/>\ne-mail: <a href=\"mailto:michaela.vidic@go.kgzs.si\">michaela.vidic@go.kgzs.si<\/a><\/p>\n<\/td>\n<td style=\"width: 92px;\"><strong>28. 06. 2016<\/strong><\/p>\n<p><strong>ob 09:00<\/strong><\/p>\n<\/td>\n<td style=\"width: 184px;\"><strong>Dvorana MO Nova Gorica<\/strong>,<br \/>\nTrg E. Kardelja 1, Nova Gorica<\/td>\n<\/tr>\n<tr>\n<td style=\"width: 294px;\"><strong>Predstavitev aktualnih javnih razpisov<br \/>\nukrepa 4.1 in 6.1 PRP RS 2014-2020<\/strong><\/p>\n<p>Prijave na tel.: 05 72 00 430 ali<br \/>\ne-mail: <a href=\"mailto:darja.zadnik@go.kgzs.si\">darja.zadnik@go.kgzs.si<\/a><\/p>\n<\/td>\n<td style=\"width: 92px;\"><strong>29. 06. 2016<\/strong><\/p>\n<p><strong>ob 16.00 <\/strong><\/p>\n<\/td>\n<td style=\"width: 184px;\">\n<p style=\"text-align: left;\"><strong>Pivka, Krpanov dom,<\/strong><br \/>\nPre\u010dna ulica 1<\/p>\n<\/td>\n<\/tr>\n<tr>\n<td style=\"width: 294px;\"><strong>Predstavitev aktualnih javnih razpisov<br \/>\nukrepa 4.1 in 6.1 PRP RS 2014-2020<\/strong><\/p>\n<p>Prijave na tel.: 05 630 40 61 ali<br \/>\ne-mail: <a href=\"mailto:elizabeta.bonin@go.kgzs.si\">elizabeta.bonin@go.kgzs.si<\/a><\/p>\n<\/td>\n<td style=\"width: 92px;\"><strong>30. 06. 2016<\/strong><\/p>\n<p><strong>ob 17.00 <\/strong><\/p>\n<\/td>\n<td style=\"width: 184px;\"><strong>Pobegi, dvorana Krajevne skupnosti<\/strong>,<br \/>\nCesta I. Istrske brigade 59<\/td>\n<\/tr>\n<tr>\n<td style=\"width: 294px;\"><strong>Predstavitev aktualnih javnih razpisov<br \/>\nukrepa 4.1 in 6.1 PRP RS 2014-2020<\/strong><\/p>\n<p>Prijave na tel.: 05 731 28 50 ali<br \/>\ne-mail: <a href=\"mailto:milena.stolfa@go.kgzs.si\">milena.stolfa@go.kgzs.si<\/a><\/p>\n<\/td>\n<td style=\"width: 92px;\"><strong>05. 07. 2016<\/strong><\/p>\n<p><strong>ob 18.00<\/strong><\/p>\n<\/td>\n<td style=\"width: 184px;\"><strong>Hrpelje, dvorana v ob\u010dinski stavbi<\/strong>,<br \/>\nRe\u0161ka cesta 14<\/td>\n<\/tr>\n<\/tbody>\n<\/table>\n<p style=\"text-align: center;\"><strong><img loading=\"lazy\" decoding=\"async\" class=\"alignnone wp-image-207 size-full\" src=\"https:\/\/www.laskrasainbrkinov.si\/wp-content\/uploads\/2016\/08\/word_logo.png\" alt=\"\" width=\"16\" height=\"16\" \/> <a href=\"http:\/\/www.ora.si\/wp-content\/uploads\/2016\/09\/Obvestilo-JR-4-1-in-6-1-junij-2016.docx\" target=\"_blank\" rel=\"noopener noreferrer\">Obvestilo JR 4.1 in 6.1 (junij 2016)<\/a><\/strong><\/p>\n","protected":false},"excerpt":{"rendered":"<p>OCENJEVANJE OKOLIC GOSTINSKIH OBRATOV V OB\u010cINI SE\u017dANA V\u00a0okviru akcije Ob\u010dina Se\u017eana v cvetju, ki letos poteka \u017ee 13. leto zapored,\u00a0 bo na obmo\u010dju ob\u010dine Se\u017eana poleg ocenjevanja vasi, naselij in okolic javnih ustanov potekalo tudi ocenjevanje okolic gostinskih obratov (gostilne, restavracije, gosti\u0161\u010da, okrep\u010devalnice, ipd.). Namen akcije je spodbujanje k urejanju povr\u0161in,\u00a0 ki so dostopne \u0161ir\u0161emu [&hellip;]<\/p>\n","protected":false},"author":2,"featured_media":0,"parent":0,"menu_order":0,"comment_status":"closed","ping_status":"closed","template":"","meta":{"_genesis_hide_title":false,"_genesis_hide_breadcrumbs":false,"_genesis_hide_singular_image":false,"_genesis_hide_footer_widgets":false,"_genesis_custom_body_class":"","_genesis_custom_post_class":"","_genesis_layout":"content-sidebar","footnotes":""},"class_list":{"0":"post-80","1":"page","2":"type-page","3":"status-publish","5":"entry"},"_links":{"self":[{"href":"https:\/\/www.ora.si\/index.php\/wp-json\/wp\/v2\/pages\/80","targetHints":{"allow":["GET"]}}],"collection":[{"href":"https:\/\/www.ora.si\/index.php\/wp-json\/wp\/v2\/pages"}],"about":[{"href":"https:\/\/www.ora.si\/index.php\/wp-json\/wp\/v2\/types\/page"}],"author":[{"embeddable":true,"href":"https:\/\/www.ora.si\/index.php\/wp-json\/wp\/v2\/users\/2"}],"replies":[{"embeddable":true,"href":"https:\/\/www.ora.si\/index.php\/wp-json\/wp\/v2\/comments?post=80"}],"version-history":[{"count":49,"href":"https:\/\/www.ora.si\/index.php\/wp-json\/wp\/v2\/pages\/80\/revisions"}],"predecessor-version":[{"id":1655,"href":"https:\/\/www.ora.si\/index.php\/wp-json\/wp\/v2\/pages\/80\/revisions\/1655"}],"wp:attachment":[{"href":"https:\/\/www.ora.si\/index.php\/wp-json\/wp\/v2\/media?parent=80"}],"curies":[{"name":"wp","href":"https:\/\/api.w.org\/{rel}","templated":true}]}}